{"id":15,"date":"2023-08-11T23:18:22","date_gmt":"2023-08-11T21:18:22","guid":{"rendered":"https:\/\/illusnanda.com\/?page_id=15"},"modified":"2026-01-21T16:02:33","modified_gmt":"2026-01-21T15:02:33","slug":"bio","status":"publish","type":"page","link":"https:\/\/illusnanda.com\/fr\/bio\/","title":{"rendered":"Bio"},"content":{"rendered":"<div data-elementor-type=\"wp-page\" data-elementor-id=\"15\" class=\"elementor elementor-15\" data-elementor-post-type=\"page\">\n\t\t\t\t\t\t<section class=\"elementor-section elementor-top-section elementor-element elementor-element-4e3308bc elementor-section-boxed elementor-section-height-default elementor-section-height-default\" data-id=\"4e3308bc\" data-element_type=\"section\" data-e-type=\"section\">\n\t\t\t\t\t\t<div class=\"elementor-container elementor-column-gap-default\">\n\t\t\t\t\t<div class=\"elementor-column elementor-col-100 elementor-top-column elementor-element elementor-element-2060a604\" data-id=\"2060a604\" data-element_type=\"column\" data-e-type=\"column\">\n\t\t\t<div class=\"elementor-widget-wrap elementor-element-populated\">\n\t\t\t\t\t\t<div class=\"elementor-element elementor-element-51d7291 elementor-widget elementor-widget-heading\" data-id=\"51d7291\" data-element_type=\"widget\" data-e-type=\"widget\" data-widget_type=\"heading.default\">\n\t\t\t\t\t<h2 class=\"elementor-heading-title elementor-size-default\">Services<\/h2>\t\t\t\t<\/div>\n\t\t\t\t\t<\/div>\n\t\t<\/div>\n\t\t\t\t\t<\/div>\n\t\t<\/section>\n\t\t\t\t<section class=\"elementor-section elementor-top-section elementor-element elementor-element-0c45db3 elementor-section-content-middle elementor-section-boxed elementor-section-height-default elementor-section-height-default\" data-id=\"0c45db3\" data-element_type=\"section\" data-e-type=\"section\">\n\t\t\t\t\t\t<div class=\"elementor-container elementor-column-gap-default\">\n\t\t\t\t\t<div class=\"elementor-column elementor-col-100 elementor-top-column elementor-element elementor-element-90cec9b\" data-id=\"90cec9b\" data-element_type=\"column\" data-e-type=\"column\">\n\t\t\t<div class=\"elementor-widget-wrap elementor-element-populated\">\n\t\t\t\t\t\t<section class=\"elementor-section elementor-inner-section elementor-element elementor-element-b907644 elementor-section-boxed elementor-section-height-default elementor-section-height-default\" data-id=\"b907644\" data-element_type=\"section\" data-e-type=\"section\">\n\t\t\t\t\t\t<div class=\"elementor-container elementor-column-gap-default\">\n\t\t\t\t\t<div class=\"elementor-column elementor-col-100 elementor-inner-column elementor-element elementor-element-3647903\" data-id=\"3647903\" data-element_type=\"column\" data-e-type=\"column\">\n\t\t\t<div class=\"elementor-widget-wrap elementor-element-populated\">\n\t\t\t\t\t\t<div class=\"elementor-element elementor-element-8d9ae60 elementor-widget elementor-widget-text-editor\" data-id=\"8d9ae60\" data-element_type=\"widget\" data-e-type=\"widget\" data-widget_type=\"text-editor.default\">\n\t\t\t\t\t\t\t\t\t<p data-start=\"957\" data-end=\"973\"><strong data-start=\"974\" data-end=\"1012\">Illustration \u00e9ducative &amp; narrative<\/strong><br data-start=\"1012\" data-end=\"1015\" \/>Illustrations pour supports p\u00e9dagogiques, culturels ou narratifs.<\/p><p data-start=\"1082\" data-end=\"1217\"><strong data-start=\"1082\" data-end=\"1127\">Visuels graphiques pour projets culturels<\/strong><br data-start=\"1127\" data-end=\"1130\" \/>Affiches, flyers et visuels de communication pour \u00e9v\u00e9nements et structures culturelles.<\/p><p data-start=\"1219\" data-end=\"1342\"><strong data-start=\"1219\" data-end=\"1255\">Accompagnement visuel de projets<\/strong><br data-start=\"1255\" data-end=\"1258\" \/>Cr\u00e9ation d\u2019univers visuels simples et coh\u00e9rents pour projets associatifs et humains.<\/p>\t\t\t\t\t\t\t\t<\/div>\n\t\t\t\t\t<\/div>\n\t\t<\/div>\n\t\t\t\t\t<\/div>\n\t\t<\/section>\n\t\t\t\t\t<\/div>\n\t\t<\/div>\n\t\t\t\t\t<\/div>\n\t\t<\/section>\n\t\t\t\t<section class=\"elementor-section elementor-top-section elementor-element elementor-element-98c9898 elementor-section-boxed elementor-section-height-default elementor-section-height-default\" data-id=\"98c9898\" data-element_type=\"section\" data-e-type=\"section\">\n\t\t\t\t\t\t<div class=\"elementor-container elementor-column-gap-default\">\n\t\t\t\t\t<div class=\"elementor-column elementor-col-100 elementor-top-column elementor-element elementor-element-4256a28\" data-id=\"4256a28\" data-element_type=\"column\" data-e-type=\"column\">\n\t\t\t<div class=\"elementor-widget-wrap elementor-element-populated\">\n\t\t\t\t\t\t<div class=\"elementor-element elementor-element-d2fe7e1 elementor-widget elementor-widget-heading\" data-id=\"d2fe7e1\" data-element_type=\"widget\" data-e-type=\"widget\" data-widget_type=\"heading.default\">\n\t\t\t\t\t<h2 class=\"elementor-heading-title elementor-size-default\">Biographie<\/h2>\t\t\t\t<\/div>\n\t\t\t\t\t<\/div>\n\t\t<\/div>\n\t\t\t\t\t<\/div>\n\t\t<\/section>\n\t\t\t\t<section class=\"elementor-section elementor-top-section elementor-element elementor-element-594164c elementor-section-content-middle elementor-section-boxed elementor-section-height-default elementor-section-height-default\" data-id=\"594164c\" data-element_type=\"section\" data-e-type=\"section\">\n\t\t\t\t\t\t<div class=\"elementor-container elementor-column-gap-default\">\n\t\t\t\t\t<div class=\"elementor-column elementor-col-50 elementor-top-column elementor-element elementor-element-88f9f64\" data-id=\"88f9f64\" data-element_type=\"column\" data-e-type=\"column\">\n\t\t\t<div class=\"elementor-widget-wrap elementor-element-populated\">\n\t\t\t\t\t\t<section class=\"elementor-section elementor-inner-section elementor-element elementor-element-66bebbc elementor-section-boxed elementor-section-height-default elementor-section-height-default\" data-id=\"66bebbc\" data-element_type=\"section\" data-e-type=\"section\">\n\t\t\t\t\t\t<div class=\"elementor-container elementor-column-gap-default\">\n\t\t\t\t\t<div class=\"elementor-column elementor-col-100 elementor-inner-column elementor-element elementor-element-930e785\" data-id=\"930e785\" data-element_type=\"column\" data-e-type=\"column\">\n\t\t\t<div class=\"elementor-widget-wrap elementor-element-populated\">\n\t\t\t\t\t\t<div class=\"elementor-element elementor-element-02ac6b8 elementor-widget elementor-widget-text-editor\" data-id=\"02ac6b8\" data-element_type=\"widget\" data-e-type=\"widget\" data-widget_type=\"text-editor.default\">\n\t\t\t\t\t\t\t\t\t<p>Je suis illustratrice et graphiste et j\u2019accompagne des projets culturels et \u00e9ducatifs \u00e0 travers des images claires et sensibles.<\/p><p><br data-start=\"735\" data-end=\"738\" \/>J\u2019aime traduire des id\u00e9es, des histoires et des valeurs en un langage visuel accessible, en accordant une place importante au dialogue et au processus cr\u00e9atif.<\/p><p>Mes images naissent du geste et du temps : elles sont dessin\u00e9es \u00e0 la main, puis num\u00e9ris\u00e9es, chaque \u00e9tape \u00e9tant pens\u00e9e avec soin, dans le respect du processus cr\u00e9atif et de la sensibilit\u00e9 du travail.<\/p>\t\t\t\t\t\t\t\t<\/div>\n\t\t\t\t\t<\/div>\n\t\t<\/div>\n\t\t\t\t\t<\/div>\n\t\t<\/section>\n\t\t\t\t\t<\/div>\n\t\t<\/div>\n\t\t\t\t<div class=\"elementor-column elementor-col-50 elementor-top-column elementor-element elementor-element-3cf01b0\" data-id=\"3cf01b0\" data-element_type=\"column\" data-e-type=\"column\">\n\t\t\t<div class=\"elementor-widget-wrap elementor-element-populated\">\n\t\t\t\t\t\t<div class=\"elementor-element elementor-element-5f5a04a elementor-widget elementor-widget-image\" data-id=\"5f5a04a\" data-element_type=\"widget\" data-e-type=\"widget\" data-widget_type=\"image.default\">\n\t\t\t\t\t\t\t\t\t\t\t\t\t\t\t<img fetchpriority=\"high\" decoding=\"async\" width=\"768\" height=\"578\" src=\"https:\/\/illusnanda.com\/wp-content\/uploads\/2023\/08\/Fernanda-basic-349-BA-afphoto-768x578.png\" class=\"attachment-medium_large size-medium_large wp-image-382\" alt=\"\" srcset=\"https:\/\/illusnanda.com\/wp-content\/uploads\/2023\/08\/Fernanda-basic-349-BA-afphoto-768x578.png 768w, https:\/\/illusnanda.com\/wp-content\/uploads\/2023\/08\/Fernanda-basic-349-BA-afphoto-300x226.png 300w, https:\/\/illusnanda.com\/wp-content\/uploads\/2023\/08\/Fernanda-basic-349-BA-afphoto-1024x771.png 1024w, https:\/\/illusnanda.com\/wp-content\/uploads\/2023\/08\/Fernanda-basic-349-BA-afphoto-1536x1157.png 1536w, https:\/\/illusnanda.com\/wp-content\/uploads\/2023\/08\/Fernanda-basic-349-BA-afphoto-2048x1543.png 2048w\" sizes=\"(max-width: 768px) 100vw, 768px\" \/>\t\t\t\t\t\t\t\t\t\t\t\t\t\t\t<\/div>\n\t\t\t\t\t<\/div>\n\t\t<\/div>\n\t\t\t\t\t<\/div>\n\t\t<\/section>\n\t\t\t\t<\/div>","protected":false},"excerpt":{"rendered":"<p>Services Illustration \u00e9ducative &amp; narrativeIllustrations pour supports p\u00e9dagogiques, culturels ou narratifs. Visuels graphiques pour projets culturelsAffiches, flyers et visuels de communication pour \u00e9v\u00e9nements et structures culturelles. Accompagnement visuel de projetsCr\u00e9ation d\u2019univers visuels simples et coh\u00e9rents pour projets associatifs et humains. Biographie Je suis illustratrice et graphiste et j\u2019accompagne des projets culturels et \u00e9ducatifs \u00e0 travers [&hellip;]<\/p>\n","protected":false},"author":1,"featured_media":0,"parent":0,"menu_order":0,"comment_status":"closed","ping_status":"closed","template":"","meta":{"footnotes":""},"class_list":["post-15","page","type-page","status-publish","hentry"],"yoast_head":"<!-- This site is optimized with the Yoast SEO plugin v27.4 - https:\/\/yoast.com\/product\/yoast-seo-wordpress\/ -->\n<title>Bio - Fernanda Cruces<\/title>\n<meta name=\"robots\" content=\"index, follow, max-snippet:-1, max-image-preview:large, max-video-preview:-1\" \/>\n<link rel=\"canonical\" href=\"https:\/\/illusnanda.com\/fr\/bio\/\" \/>\n<meta property=\"og:locale\" content=\"fr_FR\" \/>\n<meta property=\"og:type\" content=\"article\" \/>\n<meta property=\"og:title\" content=\"Bio - Fernanda Cruces\" \/>\n<meta property=\"og:description\" content=\"Services Illustration \u00e9ducative &amp; narrativeIllustrations pour supports p\u00e9dagogiques, culturels ou narratifs. Visuels graphiques pour projets culturelsAffiches, flyers et visuels de communication pour \u00e9v\u00e9nements et structures culturelles. Accompagnement visuel de projetsCr\u00e9ation d\u2019univers visuels simples et coh\u00e9rents pour projets associatifs et humains. Biographie Je suis illustratrice et graphiste et j\u2019accompagne des projets culturels et \u00e9ducatifs \u00e0 travers [&hellip;]\" \/>\n<meta property=\"og:url\" content=\"https:\/\/illusnanda.com\/fr\/bio\/\" \/>\n<meta property=\"og:site_name\" content=\"Fernanda Cruces\" \/>\n<meta property=\"article:modified_time\" content=\"2026-01-21T15:02:33+00:00\" \/>\n<meta property=\"og:image\" content=\"https:\/\/illusnanda.com\/wp-content\/uploads\/2023\/08\/Fernanda-basic-349-BA-afphoto-1024x771.png\" \/>\n\t<meta property=\"og:image:width\" content=\"1024\" \/>\n\t<meta property=\"og:image:height\" content=\"771\" \/>\n\t<meta property=\"og:image:type\" content=\"image\/png\" \/>\n<meta name=\"twitter:card\" content=\"summary_large_image\" \/>\n<meta name=\"twitter:label1\" content=\"Dur\u00e9e de lecture est.\" \/>\n\t<meta name=\"twitter:data1\" content=\"1 minute\" \/>\n<script type=\"application\/ld+json\" class=\"yoast-schema-graph\">{\"@context\":\"https:\\\/\\\/schema.org\",\"@graph\":[{\"@type\":\"WebPage\",\"@id\":\"https:\\\/\\\/illusnanda.com\\\/bio\\\/\",\"url\":\"https:\\\/\\\/illusnanda.com\\\/bio\\\/\",\"name\":\"Bio - Fernanda Cruces\",\"isPartOf\":{\"@id\":\"https:\\\/\\\/illusnanda.com\\\/#website\"},\"primaryImageOfPage\":{\"@id\":\"https:\\\/\\\/illusnanda.com\\\/bio\\\/#primaryimage\"},\"image\":{\"@id\":\"https:\\\/\\\/illusnanda.com\\\/bio\\\/#primaryimage\"},\"thumbnailUrl\":\"https:\\\/\\\/illusnanda.com\\\/wp-content\\\/uploads\\\/2023\\\/08\\\/Fernanda-basic-349-BA-afphoto-768x578.png\",\"datePublished\":\"2023-08-11T21:18:22+00:00\",\"dateModified\":\"2026-01-21T15:02:33+00:00\",\"breadcrumb\":{\"@id\":\"https:\\\/\\\/illusnanda.com\\\/bio\\\/#breadcrumb\"},\"inLanguage\":\"fr-BE\",\"potentialAction\":[{\"@type\":\"ReadAction\",\"target\":[\"https:\\\/\\\/illusnanda.com\\\/bio\\\/\"]}]},{\"@type\":\"ImageObject\",\"inLanguage\":\"fr-BE\",\"@id\":\"https:\\\/\\\/illusnanda.com\\\/bio\\\/#primaryimage\",\"url\":\"https:\\\/\\\/illusnanda.com\\\/wp-content\\\/uploads\\\/2023\\\/08\\\/Fernanda-basic-349-BA-afphoto-768x578.png\",\"contentUrl\":\"https:\\\/\\\/illusnanda.com\\\/wp-content\\\/uploads\\\/2023\\\/08\\\/Fernanda-basic-349-BA-afphoto-768x578.png\"},{\"@type\":\"BreadcrumbList\",\"@id\":\"https:\\\/\\\/illusnanda.com\\\/bio\\\/#breadcrumb\",\"itemListElement\":[{\"@type\":\"ListItem\",\"position\":1,\"name\":\"Portada\",\"item\":\"https:\\\/\\\/illusnanda.com\\\/\"},{\"@type\":\"ListItem\",\"position\":2,\"name\":\"Bio\"}]},{\"@type\":\"WebSite\",\"@id\":\"https:\\\/\\\/illusnanda.com\\\/#website\",\"url\":\"https:\\\/\\\/illusnanda.com\\\/\",\"name\":\"Fernanda Cruces\",\"description\":\"Ilustradora y Dise\u00f1adora Gr\u00e1fica: Visuels clairs et sensibles pour projets culturels et \u00e9ducatifs\",\"potentialAction\":[{\"@type\":\"SearchAction\",\"target\":{\"@type\":\"EntryPoint\",\"urlTemplate\":\"https:\\\/\\\/illusnanda.com\\\/?s={search_term_string}\"},\"query-input\":{\"@type\":\"PropertyValueSpecification\",\"valueRequired\":true,\"valueName\":\"search_term_string\"}}],\"inLanguage\":\"fr-BE\"}]}<\/script>\n<!-- \/ Yoast SEO plugin. -->","yoast_head_json":{"title":"Bio - Fernanda Cruces","robots":{"index":"index","follow":"follow","max-snippet":"max-snippet:-1","max-image-preview":"max-image-preview:large","max-video-preview":"max-video-preview:-1"},"canonical":"https:\/\/illusnanda.com\/fr\/bio\/","og_locale":"fr_FR","og_type":"article","og_title":"Bio - Fernanda Cruces","og_description":"Services Illustration \u00e9ducative &amp; narrativeIllustrations pour supports p\u00e9dagogiques, culturels ou narratifs. Visuels graphiques pour projets culturelsAffiches, flyers et visuels de communication pour \u00e9v\u00e9nements et structures culturelles. Accompagnement visuel de projetsCr\u00e9ation d\u2019univers visuels simples et coh\u00e9rents pour projets associatifs et humains. Biographie Je suis illustratrice et graphiste et j\u2019accompagne des projets culturels et \u00e9ducatifs \u00e0 travers [&hellip;]","og_url":"https:\/\/illusnanda.com\/fr\/bio\/","og_site_name":"Fernanda Cruces","article_modified_time":"2026-01-21T15:02:33+00:00","og_image":[{"width":1024,"height":771,"url":"https:\/\/illusnanda.com\/wp-content\/uploads\/2023\/08\/Fernanda-basic-349-BA-afphoto-1024x771.png","type":"image\/png"}],"twitter_card":"summary_large_image","twitter_misc":{"Dur\u00e9e de lecture est.":"1 minute"},"schema":{"@context":"https:\/\/schema.org","@graph":[{"@type":"WebPage","@id":"https:\/\/illusnanda.com\/bio\/","url":"https:\/\/illusnanda.com\/bio\/","name":"Bio - Fernanda Cruces","isPartOf":{"@id":"https:\/\/illusnanda.com\/#website"},"primaryImageOfPage":{"@id":"https:\/\/illusnanda.com\/bio\/#primaryimage"},"image":{"@id":"https:\/\/illusnanda.com\/bio\/#primaryimage"},"thumbnailUrl":"https:\/\/illusnanda.com\/wp-content\/uploads\/2023\/08\/Fernanda-basic-349-BA-afphoto-768x578.png","datePublished":"2023-08-11T21:18:22+00:00","dateModified":"2026-01-21T15:02:33+00:00","breadcrumb":{"@id":"https:\/\/illusnanda.com\/bio\/#breadcrumb"},"inLanguage":"fr-BE","potentialAction":[{"@type":"ReadAction","target":["https:\/\/illusnanda.com\/bio\/"]}]},{"@type":"ImageObject","inLanguage":"fr-BE","@id":"https:\/\/illusnanda.com\/bio\/#primaryimage","url":"https:\/\/illusnanda.com\/wp-content\/uploads\/2023\/08\/Fernanda-basic-349-BA-afphoto-768x578.png","contentUrl":"https:\/\/illusnanda.com\/wp-content\/uploads\/2023\/08\/Fernanda-basic-349-BA-afphoto-768x578.png"},{"@type":"BreadcrumbList","@id":"https:\/\/illusnanda.com\/bio\/#breadcrumb","itemListElement":[{"@type":"ListItem","position":1,"name":"Portada","item":"https:\/\/illusnanda.com\/"},{"@type":"ListItem","position":2,"name":"Bio"}]},{"@type":"WebSite","@id":"https:\/\/illusnanda.com\/#website","url":"https:\/\/illusnanda.com\/","name":"Fernanda Cruces","description":"Ilustradora y Dise\u00f1adora Gr\u00e1fica: Visuels clairs et sensibles pour projets culturels et \u00e9ducatifs","potentialAction":[{"@type":"SearchAction","target":{"@type":"EntryPoint","urlTemplate":"https:\/\/illusnanda.com\/?s={search_term_string}"},"query-input":{"@type":"PropertyValueSpecification","valueRequired":true,"valueName":"search_term_string"}}],"inLanguage":"fr-BE"}]}},"_links":{"self":[{"href":"https:\/\/illusnanda.com\/fr\/wp-json\/wp\/v2\/pages\/15","targetHints":{"allow":["GET"]}}],"collection":[{"href":"https:\/\/illusnanda.com\/fr\/wp-json\/wp\/v2\/pages"}],"about":[{"href":"https:\/\/illusnanda.com\/fr\/wp-json\/wp\/v2\/types\/page"}],"author":[{"embeddable":true,"href":"https:\/\/illusnanda.com\/fr\/wp-json\/wp\/v2\/users\/1"}],"replies":[{"embeddable":true,"href":"https:\/\/illusnanda.com\/fr\/wp-json\/wp\/v2\/comments?post=15"}],"version-history":[{"count":155,"href":"https:\/\/illusnanda.com\/fr\/wp-json\/wp\/v2\/pages\/15\/revisions"}],"predecessor-version":[{"id":1406,"href":"https:\/\/illusnanda.com\/fr\/wp-json\/wp\/v2\/pages\/15\/revisions\/1406"}],"wp:attachment":[{"href":"https:\/\/illusnanda.com\/fr\/wp-json\/wp\/v2\/media?parent=15"}],"curies":[{"name":"wp","href":"https:\/\/api.w.org\/{rel}","templated":true}]}}